{"id":335,"date":"2020-01-26T15:23:55","date_gmt":"2020-01-26T13:23:55","guid":{"rendered":"https:\/\/tietoturva.fi\/?page_id=335"},"modified":"2024-05-31T13:43:29","modified_gmt":"2024-05-31T10:43:29","slug":"tapahtumakalenteri","status":"publish","type":"page","link":"https:\/\/tivia-jasenyhdistykset.fi\/tietoturva\/tapahtumakalenteri\/","title":{"rendered":"Tapahtumat"},"content":{"rendered":"<p><img loading=\"lazy\" decoding=\"async\" class=\"aligncenter wp-image-1174 \" src=\"https:\/\/tietoturva.fi\/wp-content\/uploads\/sites\/7\/2022\/02\/ttry-tapahtumat-scaled-e1644921976178-1024x514.jpg\" alt=\"\" width=\"534\" height=\"268\" srcset=\"https:\/\/tivia-jasenyhdistykset.fi\/tietoturva\/wp-content\/uploads\/sites\/7\/2022\/02\/ttry-tapahtumat-scaled-e1644921976178-1024x514.jpg 1024w, https:\/\/tivia-jasenyhdistykset.fi\/tietoturva\/wp-content\/uploads\/sites\/7\/2022\/02\/ttry-tapahtumat-scaled-e1644921976178-300x151.jpg 300w, https:\/\/tivia-jasenyhdistykset.fi\/tietoturva\/wp-content\/uploads\/sites\/7\/2022\/02\/ttry-tapahtumat-scaled-e1644921976178-768x386.jpg 768w, https:\/\/tivia-jasenyhdistykset.fi\/tietoturva\/wp-content\/uploads\/sites\/7\/2022\/02\/ttry-tapahtumat-scaled-e1644921976178-1536x772.jpg 1536w, https:\/\/tivia-jasenyhdistykset.fi\/tietoturva\/wp-content\/uploads\/sites\/7\/2022\/02\/ttry-tapahtumat-scaled-e1644921976178-2048x1029.jpg 2048w\" sizes=\"auto, (max-width: 534px) 100vw, 534px\" \/><\/p>\n<h3>Tietoturva ry:n tapahtumakalenteri<\/h3>\n<p>&nbsp;<\/p>\n\n<table id=\"tablepress-1\" class=\"tablepress tablepress-id-1 tablepress-responsive\">\n<thead>\n<tr class=\"row-1\">\n\t<th class=\"column-1\"><b>AJANKOHTA<\/b><\/th><th class=\"column-2\"><b>TAPAHTUMA<\/b><\/th>\n<\/tr>\n<\/thead>\n<tbody class=\"row-striping row-hover\">\n<tr class=\"row-2\">\n\t<td class=\"column-1\">Huomiot<\/td><td class=\"column-2\">T\u00e4lle sivulle on koostettu yhdistyksen tapahtumat. Mik\u00e4li etsit koulutuskalenteria, l\u00f6yd\u00e4t sen <a href=\"https:\/\/tietoturva.fi\/koulutuskalenteri\/\">t\u00e4\u00e4lt\u00e4<\/a>.<\/td>\n<\/tr>\n<tr class=\"row-3\">\n\t<td class=\"column-1\"><\/td><td class=\"column-2\"><\/td>\n<\/tr>\n<tr class=\"row-4\">\n\t<td class=\"column-1\"><b>MARRASKUU 2025<\/b><\/td><td class=\"column-2\"><\/td>\n<\/tr>\n<tr class=\"row-5\">\n\t<td class=\"column-1\">19.11.2025<\/td><td class=\"column-2\">Webinaari: Tietosuojaverkoston aamukahvit, aiheena FRIA<\/td>\n<\/tr>\n<tr class=\"row-6\">\n\t<td class=\"column-1\">26.11.2025<\/td><td class=\"column-2\"><a href=\"https:\/\/tietoturva.fi\/tietoturvakatsaus\">Tietoturvakatsaus #7 ja FSA gaala 2025<\/a><\/td>\n<\/tr>\n<tr class=\"row-7\">\n\t<td class=\"column-1\"><b>LOKAKUU 2025<\/b><\/td><td class=\"column-2\"><\/td>\n<\/tr>\n<tr class=\"row-8\">\n\t<td class=\"column-1\">30.10.2025<\/td><td class=\"column-2\"><a href=\"https:\/\/tietoturva.fi\/2025\/09\/10\/asiantuntijavierailu-kpmglle\/\">Vierailu KPMG:lle<\/a><\/td>\n<\/tr>\n<tr class=\"row-9\">\n\t<td class=\"column-1\">30.10.2025<\/td><td class=\"column-2\">S\u00e4\u00e4nt\u00f6m\u00e4\u00e4r\u00e4inen syyskokous<\/td>\n<\/tr>\n<tr class=\"row-10\">\n\t<td class=\"column-1\"><b>TOUKOKUU 2025<\/b><\/td><td class=\"column-2\"><\/td>\n<\/tr>\n<tr class=\"row-11\">\n\t<td class=\"column-1\">8.5.2025<\/td><td class=\"column-2\"><a href=\"https:\/\/tietoturva.fi\/2025\/02\/23\/tietoturvakatsaus-2\/\">Tietoturvakatsaus #6, toukokuu 2025<\/a><\/td>\n<\/tr>\n<tr class=\"row-12\">\n\t<td class=\"column-1\">22.5.2025<\/td><td class=\"column-2\">GDPR-p\u00e4iv\u00e4n etkot (alustava)<\/td>\n<\/tr>\n<tr class=\"row-13\">\n\t<td class=\"column-1\"><b>HUHTIKUU 2025<\/b><\/td><td class=\"column-2\"><\/td>\n<\/tr>\n<tr class=\"row-14\">\n\t<td class=\"column-1\">24.4.2025<\/td><td class=\"column-2\"><a href=\"https:\/\/tietoturva.fi\/2025\/03\/28\/kevatkokous_2025\/\">S\u00e4\u00e4t\u00f6m\u00e4\u00e4r\u00e4inen kev\u00e4tkokous<\/a><\/td>\n<\/tr>\n<tr class=\"row-15\">\n\t<td class=\"column-1\"><b>MAALISKUU 2025<\/b><\/td><td class=\"column-2\"><\/td>\n<\/tr>\n<tr class=\"row-16\">\n\t<td class=\"column-1\">5.3.2025<\/td><td class=\"column-2\"><a href=\"https:\/\/tietoturva.fi\/2025\/02\/17\/webinaari-kv-tiedonsiirrot\/\">Ajankohtaiskatsaus kansainv\u00e4lisiin tiedonsiirtoihin<\/a><\/td>\n<\/tr>\n<tr class=\"row-17\">\n\t<td class=\"column-1\"><b>HELMIKUU 2025<\/b><\/td><td class=\"column-2\"><\/td>\n<\/tr>\n<tr class=\"row-18\">\n\t<td class=\"column-1\">11.2.2025<\/td><td class=\"column-2\"><a href=\"https:\/\/tietoturva.fi\/2025\/01\/15\/webinaari-tietoturvaa-ilman-jargonia\/\">Webinaari: Tietoturvaa ilman jargonia<\/a><\/td>\n<\/tr>\n<tr class=\"row-19\">\n\t<td class=\"column-1\">14.2.2025<\/td><td class=\"column-2\"><a href=\"https:\/\/tietoturva.fi\/2025\/02\/07\/teknologian-kehitys-ja-digitaalisen-maailman-riskit\/\">Webinaari: Teknologian kehitys ja digitaalisen maailman riskit<\/a><\/td>\n<\/tr>\n<tr class=\"row-20\">\n\t<td class=\"column-1\">26.2.2025<\/td><td class=\"column-2\"><a href=\"https:\/\/tivia.fi\/event\/yritysvierailu-telian-palvelinkeskukseen-hdc-1167\/register\">Yritysvierailu Telian palvelinkeskukseen<\/a><\/td>\n<\/tr>\n<tr class=\"row-21\">\n\t<td class=\"column-1\">27.2.2025<\/td><td class=\"column-2\"><a href=\"https:\/\/tietoturva.fi\/2025\/02\/21\/vierailu_tekniikan_museolla\/\">Kimmo Rouskun juhlaluento ja tutustuminen Tekniikan Museoon<\/a><\/td>\n<\/tr>\n<tr class=\"row-22\">\n\t<td class=\"column-1\"><b>TAMMIKUU 2025<\/b><\/td><td class=\"column-2\"><\/td>\n<\/tr>\n<tr class=\"row-23\">\n\t<td class=\"column-1\">Siirtynyt<\/td><td class=\"column-2\">IT Insider webinaari: N\u00e4k\u00f6kulmia ja havaintoja teko\u00e4lyn k\u00e4yt\u00f6st\u00e4.<\/td>\n<\/tr>\n<tr class=\"row-24\">\n\t<td class=\"column-1\">21.1.2025<\/td><td class=\"column-2\"><a href=\"https:\/\/tietoturva.fi\/2024\/11\/05\/fortinet\/\">Yritysvierailu Fortinetille + katsaus OT tietoturvaan<\/a><\/td>\n<\/tr>\n<tr class=\"row-25\">\n\t<td class=\"column-1\">28.1.2025<\/td><td class=\"column-2\">Tietosuojap\u00e4iv\u00e4 2025 &amp; vuoden Tietosuojavastaavan julkistus<\/td>\n<\/tr>\n<tr class=\"row-26\">\n\t<td class=\"column-1\"><b>JOULUKUU 2024<\/b><\/td><td class=\"column-2\"><\/td>\n<\/tr>\n<tr class=\"row-27\">\n\t<td class=\"column-1\">4.12.2024<\/td><td class=\"column-2\"><a href=\"https:\/\/tietoturva.fi\/2024\/10\/28\/withsecure\/\">J\u00e4senvierailu WithSecurelle sek\u00e4 tutustuminen uuteen Museum of Malware Art -museoon<\/a>.<\/td>\n<\/tr>\n<tr class=\"row-28\">\n\t<td class=\"column-1\"><b>MARRASKUU 2024<\/b><\/td><td class=\"column-2\"><\/td>\n<\/tr>\n<tr class=\"row-29\">\n\t<td class=\"column-1\">14.11.2024<\/td><td class=\"column-2\"><a href=\"https:\/\/tietoturva.fi\/2024\/11\/14\/tietoturvakatsaus_ja_fsa_gaala\/\">Tietoturvakatsaus #5 ja FSA-gaala 2024<\/a><\/td>\n<\/tr>\n<tr class=\"row-30\">\n\t<td class=\"column-1\">5.11.2024<\/td><td class=\"column-2\"><a href=https:\/\/tietoturva.fi\/2024\/09\/26\/syyskokous\/\">S\u00e4\u00e4nt\u00f6m\u00e4\u00e4r\u00e4inen syyskokous<\/a><\/td>\n<\/tr>\n<tr class=\"row-31\">\n\t<td class=\"column-1\"><b>LOKAKUU 2024<\/b><\/td><td class=\"column-2\"><\/td>\n<\/tr>\n<tr class=\"row-32\">\n\t<td class=\"column-1\">29.-30.10.2024 <\/td><td class=\"column-2\"><a href=\"https:\/\/cybersecuritynordic.messukeskus.com\/\">Cyber Security Nordic messut<\/a><\/td>\n<\/tr>\n<tr class=\"row-33\">\n\t<td class=\"column-1\">23.10.2024<\/td><td class=\"column-2\"><a href=\"https:\/\/tietoturva.fi\/2024\/06\/03\/iso27001\/\">Koulutus: ISO 27001 tietoturvaj\u00e4rjestelm\u00e4n rakentaminen<\/a>. Koulutus peruttu. Uusi ajankohta julkistetaan my\u00f6hemmin.<\/td>\n<\/tr>\n<tr class=\"row-34\">\n\t<td class=\"column-1\"><b>SYYSKUU 2024<\/b><\/td><td class=\"column-2\"><\/td>\n<\/tr>\n<tr class=\"row-35\">\n\t<td class=\"column-1\">12.9.2024<\/td><td class=\"column-2\"><a href=\"https:\/\/tietoturva.fi\/2024\/04\/01\/devsecops\/\">Koulutus: Johdatus konttiteknologioihin ja DevSecOps-maailmaan<\/a><\/td>\n<\/tr>\n<tr class=\"row-36\">\n\t<td class=\"column-1\"><b>KES\u00c4KUU 2024<\/b><\/td><td class=\"column-2\"><\/td>\n<\/tr>\n<tr class=\"row-37\">\n\t<td class=\"column-1\">18.-19.6.2024<\/td><td class=\"column-2\"><a href=\"https:\/\/tietoturva.fi\/2024\/03\/26\/isaca\/\">Koulutus: Ohjelmistojen tietoturva, osa 2 (ISACA Finland)<\/a><\/td>\n<\/tr>\n<tr class=\"row-38\">\n\t<td class=\"column-1\">13.6.2024<\/td><td class=\"column-2\"><a href=\"https:\/\/tietoturva.fi\/2024\/05\/06\/jasenvierailu-fraktalille-13-6-2024\/\">Yritysvierailu Fraktalille<\/a><\/td>\n<\/tr>\n<tr class=\"row-39\">\n\t<td class=\"column-1\">10.-14.6.2024<\/td><td class=\"column-2\"><a href=\"https:\/\/tietoturva.fi\/2024\/05\/07\/cehv12\/\">The Certified Ethical Hacker (CEHv12 (Arrow)<\/a><\/td>\n<\/tr>\n<tr class=\"row-40\">\n\t<td class=\"column-1\"><b>TOUKOKUU 2024<\/b><\/td><td class=\"column-2\"><\/td>\n<\/tr>\n<tr class=\"row-41\">\n\t<td class=\"column-1\">23.5.2024<\/td><td class=\"column-2\"><a href=\"https:\/\/tietoturva.fi\/2024\/03\/12\/gdpr-paivan-etkot\/\">GDPR-p\u00e4iv\u00e4n etkot<\/a><\/td>\n<\/tr>\n<tr class=\"row-42\">\n\t<td class=\"column-1\">15.5.2024<\/td><td class=\"column-2\"><a href=\"https:\/\/tietoturva.fi\/2024\/05\/15\/tietoturvakatsaus-15-5-2024\/\">Tietoturvakatsaus #4, toukokuu 2024<\/a><\/td>\n<\/tr>\n<tr class=\"row-43\">\n\t<td class=\"column-1\">7-8.5.2024<\/td><td class=\"column-2\"><a href=\"https:\/\/tietoturva.fi\/2024\/03\/26\/isaca\/\">Koulutus: Ohjelmistojen tietoturva, osa 1 (ISACA Finland)<\/a><\/td>\n<\/tr>\n<tr class=\"row-44\">\n\t<td class=\"column-1\"><b>HUHTIKUU 2024<\/b><\/td><td class=\"column-2\"><\/td>\n<\/tr>\n<tr class=\"row-45\">\n\t<td class=\"column-1\">25.4.2024<\/td><td class=\"column-2\"><a href=\"https:\/\/tietoturva.fi\/2024\/04\/07\/kevatkokous-2024\/\">Yritysvierailu 2NS:lle (kev\u00e4tkokouksen yhteydess\u00e4)<\/a><\/td>\n<\/tr>\n<tr class=\"row-46\">\n\t<td class=\"column-1\">25.4.2024<\/td><td class=\"column-2\"><a href=\"https:\/\/tietoturva.fi\/2024\/04\/07\/kevatkokous-2024\/\">S\u00e4\u00e4nt\u00f6m\u00e4\u00e4r\u00e4inen kev\u00e4tkokous<\/a><\/td>\n<\/tr>\n<tr class=\"row-47\">\n\t<td class=\"column-1\">24.4.2024<\/td><td class=\"column-2\"><a href=\"https:\/\/tietoturva.fi\/2024\/03\/14\/mimmit-koodaa\/\">Mimmit koodaa -j\u00e4lkihimin\u00e4t &amp; mentorointi<\/a><\/td>\n<\/tr>\n<tr class=\"row-48\">\n\t<td class=\"column-1\">18.4.2024<\/td><td class=\"column-2\">Digiturvallisuusmessut 2024, Jyv\u00e4skyl\u00e4<\/td>\n<\/tr>\n<tr class=\"row-49\">\n\t<td class=\"column-1\">10.4.2024<\/td><td class=\"column-2\"><a href=\"https:\/\/tietoturva.fi\/2024\/03\/19\/kiristyshaittaohjelmatilanna-suomessa-tapaus-akira\/\">Kiristyshaittaohjelmaryhmien tilanne Suomessa sek\u00e4 oppeja Akira-ryhm\u00e4n toiminnasta webinaari<\/a><\/td>\n<\/tr>\n<tr class=\"row-50\">\n\t<td class=\"column-1\"><b>MAALISKUU 2024<\/b><\/td><td class=\"column-2\"><\/td>\n<\/tr>\n<tr class=\"row-51\">\n\t<td class=\"column-1\">21.3.2024<\/td><td class=\"column-2\"><a href=\"https:\/\/tietoturva.fi\/2024\/01\/21\/yritysvierailu-forcepointille\/\">Yritysvierailu Forcepointille<\/a><\/td>\n<\/tr>\n<tr class=\"row-52\">\n\t<td class=\"column-1\"><b>HELMIKUU 2024<\/b><\/td><td class=\"column-2\"><\/td>\n<\/tr>\n<tr class=\"row-53\">\n\t<td class=\"column-1\">14.2.2024<\/td><td class=\"column-2\"><a href=\"https:\/\/tietoturva.fi\/2024\/01\/30\/llms-webinar\/\">Large Language Models (LLMS) webinar<\/a><\/td>\n<\/tr>\n<tr class=\"row-54\">\n\t<td class=\"column-1\">5.-6.2.2024<\/td><td class=\"column-2\"><a href=\"https:\/\/tietoturva.fi\/2023\/10\/20\/ilmoittautuminen\/\">Riskienhallinta ja yritysturvallisuus -koulutus (2pv) <\/a><\/td>\n<\/tr>\n<tr class=\"row-55\">\n\t<td class=\"column-1\"><b>MARRASKUU 2023<\/b><\/td><td class=\"column-2\"><\/td>\n<\/tr>\n<tr class=\"row-56\">\n\t<td class=\"column-1\">23.11.2023<\/td><td class=\"column-2\"><a href=\"https:\/\/tietoturva.fi\/2023\/11\/17\/tietoturva_ry_webinaari\/\">Kodin digilaitteet, sosiaalinen media ja teko\u00e4ly webinaari<\/a><\/td>\n<\/tr>\n<tr class=\"row-57\">\n\t<td class=\"column-1\">21.11.2023<\/td><td class=\"column-2\"><a href=\"https:\/\/tietoturva.fi\/2023\/10\/12\/syyskokous_2023\/\">Tietoturva ry:n s\u00e4\u00e4nt\u00f6m\u00e4\u00e4r\u00e4inen syyskokous<\/a><\/td>\n<\/tr>\n<tr class=\"row-58\">\n\t<td class=\"column-1\">7.-9.11.2023<\/td><td class=\"column-2\"><a href=\"https:\/\/teknologia.messukeskus.com\/ohjelma\/#programmeDay=1699524000&amp;programmeStage=Tivia%20stage\">Teknologia 23 messut, Helsinki<\/a><\/td>\n<\/tr>\n<tr class=\"row-59\">\n\t<td class=\"column-1\"><b>LOKAKUU 2023<\/b><\/td><td class=\"column-2\"><\/td>\n<\/tr>\n<tr class=\"row-60\">\n\t<td class=\"column-1\">25.10.2023<\/td><td class=\"column-2\"><a href=\"https:\/\/tietoturva.fi\/2023\/09\/18\/vierailu_nixulle\/\">J\u00e4senvierailu Nixulle<\/a><\/td>\n<\/tr>\n<tr class=\"row-61\">\n\t<td class=\"column-1\">12.10.2023<\/td><td class=\"column-2\"><a href=\"https:\/\/tietoturva.fi\/2023\/07\/03\/iso27001-koulutus\/\">ISO 27001 tietoturvaj\u00e4rjestelm\u00e4n rakentaminen -koulutus (1pv)<\/a><\/td>\n<\/tr>\n<tr class=\"row-62\">\n\t<td class=\"column-1\"><b>ELOKUU 2023<\/b><\/td><td class=\"column-2\"><\/td>\n<\/tr>\n<tr class=\"row-63\">\n\t<td class=\"column-1\">29.8.2023<\/td><td class=\"column-2\">Uuden GDPR-sovelluskirjaston esittely<\/td>\n<\/tr>\n<tr class=\"row-64\">\n\t<td class=\"column-1\"><b>KES\u00c4KUU 2023<\/b><\/td><td class=\"column-2\"><\/td>\n<\/tr>\n<tr class=\"row-65\">\n\t<td class=\"column-1\">6.6.2023<\/td><td class=\"column-2\"><a href=\"https:\/\/tietoturva.fi\/2023\/05\/05\/tietosuojaverkoston_webinaari\/\">Nettij\u00e4ttien tietosuojasy\u00f6vereiss\u00e4 webinaari<\/a><\/td>\n<\/tr>\n<tr class=\"row-66\">\n\t<td class=\"column-1\"><b>TOUKOKUU 2023<\/b><\/td><td class=\"column-2\"><\/td>\n<\/tr>\n<tr class=\"row-67\">\n\t<td class=\"column-1\">25.5.2023<\/td><td class=\"column-2\"><a href=\"https:\/\/tietoturva.fi\/2023\/04\/26\/tietoturvakatsaus_2-2023\/\">Tietoturvakatsaus #3, toukokuu 2023<\/a><\/td>\n<\/tr>\n<tr class=\"row-68\">\n\t<td class=\"column-1\">25.5.2023<\/td><td class=\"column-2\"><a href=\"https:\/\/tietoturva.fi\/2023\/05\/08\/tietoturvakatsauksen_iltatilaisuus\/\">Tietoturvakatsauksen &amp; GDPR:n vuosip\u00e4iv\u00e4n iltatilaisuus<\/a><\/td>\n<\/tr>\n<tr class=\"row-69\">\n\t<td class=\"column-1\"><b>HUHTIKUU 2023<\/b><\/td><td class=\"column-2\"><\/td>\n<\/tr>\n<tr class=\"row-70\">\n\t<td class=\"column-1\"><\/td><td class=\"column-2\"><\/td>\n<\/tr>\n<tr class=\"row-71\">\n\t<td class=\"column-1\">3-5.4.2023<\/td><td class=\"column-2\">CRISC-sertifioinnin valmennuskurssi (ISACA Finland)<\/td>\n<\/tr>\n<tr class=\"row-72\">\n\t<td class=\"column-1\">27.4.2023<\/td><td class=\"column-2\">Tietoturva ry:n s\u00e4\u00e4nt\u00f6m\u00e4\u00e4r\u00e4inen kev\u00e4tkokous<\/td>\n<\/tr>\n<tr class=\"row-73\">\n\t<td class=\"column-1\"><b>MAALISKUU 2023<\/b><\/td><td class=\"column-2\"><\/td>\n<\/tr>\n<tr class=\"row-74\">\n\t<td class=\"column-1\">8.3.2023<\/td><td class=\"column-2\"><a href=\"https:\/\/tietoturva.fi\/2023\/02\/14\/tietoturvakatsaus\/\">Tietoturvakatsaus #2, maaliskuu 2023<\/a><\/td>\n<\/tr>\n<tr class=\"row-75\">\n\t<td class=\"column-1\">21.3.2023<\/td><td class=\"column-2\">Tietosuoja -webinaari<\/td>\n<\/tr>\n<tr class=\"row-76\">\n\t<td class=\"column-1\">30.3.2023<\/td><td class=\"column-2\">Digiturvallisuus 2023 Jyv\u00e4skyl\u00e4n Messut<\/td>\n<\/tr>\n<tr class=\"row-77\">\n\t<td class=\"column-1\"><b>HELMIKUU<\/b><\/td><td class=\"column-2\"><\/td>\n<\/tr>\n<tr class=\"row-78\">\n\t<td class=\"column-1\">15.2.2023<\/td><td class=\"column-2\">Tivako 2023 -koulutus alkaa (ISACA Finland)<\/td>\n<\/tr>\n<tr class=\"row-79\">\n\t<td class=\"column-1\"><b>TAMMIKUU 2023<\/b><\/td><td class=\"column-2\"><\/td>\n<\/tr>\n<tr class=\"row-80\">\n\t<td class=\"column-1\">27.1.2023<\/td><td class=\"column-2\">Tietosuojap\u00e4iv\u00e4<\/td>\n<\/tr>\n<tr class=\"row-81\">\n\t<td class=\"column-1\"><\/td><td class=\"column-2\"><\/td>\n<\/tr>\n<tr class=\"row-82\">\n\t<td class=\"column-1\"><b>VUOSI 2022<\/b><\/td><td class=\"column-2\"><\/td>\n<\/tr>\n<tr class=\"row-83\">\n\t<td class=\"column-1\"><b>MARRASKUU 2022<\/b><\/td><td class=\"column-2\"><\/td>\n<\/tr>\n<tr class=\"row-84\">\n\t<td class=\"column-1\">1.11.2022<\/td><td class=\"column-2\"><a href=\"https:\/\/tietoturva.fi\/2022\/09\/26\/tia-prosessi-valtorissa\/\">TIA-prosessi Valtorissa webinaari<\/a><\/td>\n<\/tr>\n<tr class=\"row-85\">\n\t<td class=\"column-1\">2.11.2022<\/td><td class=\"column-2\"><a href=\"https:\/\/tietoturva.fi\/2022\/10\/23\/jasenvierailu-hvk\/\">J\u00e4senvierailu Huoltovarmuuskeskukseen<\/a><\/td>\n<\/tr>\n<tr class=\"row-86\">\n\t<td class=\"column-1\">10.11.2022<\/td><td class=\"column-2\"><a href=\"https:\/\/tietoturva.fi\/2022\/10\/10\/syyskokous-2022\/\">Tietoturva ry:n s\u00e4\u00e4nt\u00f6m\u00e4\u00e4r\u00e4inen syyskokous<\/a><\/td>\n<\/tr>\n<tr class=\"row-87\">\n\t<td class=\"column-1\"><b>ELOKUU 2022<\/b><\/td><td class=\"column-2\"><\/td>\n<\/tr>\n<tr class=\"row-88\">\n\t<td class=\"column-1\">30.8.2022<\/td><td class=\"column-2\"><a href=\"https:\/\/tietoturva.fi\/2022\/06\/20\/tietoturvakatsaus_2022\/\">Tietoturvakatsaus #1, elokuu 2022<\/a><\/td>\n<\/tr>\n<tr class=\"row-89\">\n\t<td class=\"column-1\"><b>KES\u00c4KUU 2022<\/b><\/td><td class=\"column-2\"><\/td>\n<\/tr>\n<tr class=\"row-90\">\n\t<td class=\"column-1\">10.06.2022<\/td><td class=\"column-2\"><a href=\"https:\/\/tietoturva.fi\/2022\/05\/23\/tietoturvaa-tietosuoja-ammattilaisille\/\" rel=\"noopener\" target=\"_blank\">Tietoturvaa tietosuoja-ammattilaisille<\/a><\/td>\n<\/tr>\n<tr class=\"row-91\">\n\t<td class=\"column-1\"><b>TOUKOKUU 2022<\/b><\/td><td class=\"column-2\"><\/td>\n<\/tr>\n<tr class=\"row-92\">\n\t<td class=\"column-1\">9.5.2022, 18.-19.5.2022<\/td><td class=\"column-2\"><a href=\"https:\/\/tietoturva.fi\/2022\/03\/11\/cisa-sertifiointiin-valmistava-koulutus\/\" rel=\"noopener\" target=\"_blank\">CISA -Sertifiointiin valmentava koulutus<\/a><\/td>\n<\/tr>\n<tr class=\"row-93\">\n\t<td class=\"column-1\">3.-5.5.2022<\/td><td class=\"column-2\"><a href=\"https:\/\/tietoturva.fi\/2022\/04\/29\/teknologia22\/\" rel=\"noopener\" target=\"_blank\">Teknologiamessut<\/a><\/td>\n<\/tr>\n<tr class=\"row-94\">\n\t<td class=\"column-1\">18.05.2022<\/td><td class=\"column-2\"><a href=\"https:\/\/tietoturva.fi\/2021\/11\/08\/tietoturva-ryn-ja-sytyke-ryn-digitaalisen-suomen-rakentajat-seminaari\/\">Tietoturva ry:n ja Sytyke ry:n Digitaalisen Suomen rakentajat -seminaari<\/a><\/td>\n<\/tr>\n<tr class=\"row-95\">\n\t<td class=\"column-1\"><b>HUHTIKUU 2022<\/b><\/td><td class=\"column-2\"><\/td>\n<\/tr>\n<tr class=\"row-96\">\n\t<td class=\"column-1\">8.4.2022<\/td><td class=\"column-2\"><a href=\"https:\/\/tietoturva.fi\/2022\/02\/14\/tiedonhallintalaki-kaytannossa-koulutus-2022\/\">Tiedonhallintalaki k\u00e4yt\u00e4nn\u00f6ss\u00e4 -koulutus<\/a><\/td>\n<\/tr>\n<tr class=\"row-97\">\n\t<td class=\"column-1\"><b>MAALISKUU 2022<\/b><\/td><td class=\"column-2\"><\/td>\n<\/tr>\n<tr class=\"row-98\">\n\t<td class=\"column-1\">28.3.2022 <\/td><td class=\"column-2\"><a href=\"https:\/\/tietoturva.fi\/2022\/02\/14\/iso-27001-koulutus\/\">ISO 27001 tietoturvaj\u00e4rjestelm\u00e4n rakentaminen -koulutus<\/a><\/td>\n<\/tr>\n<tr class=\"row-99\">\n\t<td class=\"column-1\">25.3.2022 <\/td><td class=\"column-2\"><a href=\"https:\/\/tietoturva.fi\/2022\/02\/14\/riskienhallinta-ja-yritysturvallisuuskoulutus-2022\/\">Riskienhallinta ja yritysturvallisuuskoulutus <\/a><\/td>\n<\/tr>\n<tr class=\"row-100\">\n\t<td class=\"column-1\">22.3.2022<\/td><td class=\"column-2\"><a href=\"https:\/\/tietoturva.fi\/2022\/02\/14\/sisaisen_auditoinnin_koulutus_2022\/\">Sis\u00e4isen auditoinnin koulutus <\/a><\/td>\n<\/tr>\n<tr class=\"row-101\">\n\t<td class=\"column-1\">9.3.2022<\/td><td class=\"column-2\"><a href=\"https:\/\/tietoturva.fi\/2022\/03\/02\/tietoturva-ry-webinaari-03-2022\/\">Avoin webinaari: Sodan vaikutukset kybertoimintaymp\u00e4rist\u00f6\u00f6n<\/a><\/td>\n<\/tr>\n<tr class=\"row-102\">\n\t<td class=\"column-1\"><b>HELMIKUU 2022<\/b><\/td><td class=\"column-2\"><\/td>\n<\/tr>\n<tr class=\"row-103\">\n\t<td class=\"column-1\">15.02.2022<\/td><td class=\"column-2\"><a href=\"https:\/\/tivia.fi\/event\/tietosuojaverkoston-tapaaminen-valtorin-parhaat-tietosuojakaytannot-2022-02-15-346\/register\" rel=\"noopener\" target=\"_blank\">Tietosuojaverkoston tapaaminen<\/a><\/td>\n<\/tr>\n<\/tbody>\n<\/table>\n<!-- #tablepress-1 from cache -->\n<p>&nbsp;<\/p>\n<p>&nbsp;<\/p>\n<hr \/>\n","protected":false},"excerpt":{"rendered":"<p><img loading=\"lazy\" decoding=\"async\" class=\"aligncenter wp-image-1174 \" src=\"https:\/\/tietoturva.fi\/wp-content\/uploads\/sites\/7\/2022\/02\/ttry-tapahtumat-scaled-e1644921976178-1024x514.jpg\" alt=\"\" width=\"534\" height=\"268\" srcset=\"https:\/\/tivia-jasenyhdistykset.fi\/tietoturva\/wp-content\/uploads\/sites\/7\/2022\/02\/ttry-tapahtumat-scaled-e1644921976178-1024x514.jpg 1024w, https:\/\/tivia-jasenyhdistykset.fi\/tietoturva\/wp-content\/uploads\/sites\/7\/2022\/02\/ttry-tapahtumat-scaled-e1644921976178-300x151.jpg 300w, https:\/\/tivia-jasenyhdistykset.fi\/tietoturva\/wp-content\/uploads\/sites\/7\/2022\/02\/ttry-tapahtumat-scaled-e1644921976178-768x386.jpg 768w, https:\/\/tivia-jasenyhdistykset.fi\/tietoturva\/wp-content\/uploads\/sites\/7\/2022\/02\/ttry-tapahtumat-scaled-e1644921976178-1536x772.jpg 1536w, https:\/\/tivia-jasenyhdistykset.fi\/tietoturva\/wp-content\/uploads\/sites\/7\/2022\/02\/ttry-tapahtumat-scaled-e1644921976178-2048x1029.jpg 2048w\" sizes=\"auto, (max-width: 534px) 100vw, 534px\" \/><\/p>\n<p>Tietoturva ry:n tapahtumakalenteri<\/p>\n<p>&nbsp;<\/p>\n<p>&nbsp;<\/p>\n<p>&nbsp;<\/p>\n","protected":false},"author":2408,"featured_media":0,"parent":0,"menu_order":0,"comment_status":"closed","ping_status":"closed","template":"","meta":{"_acf_changed":false,"footnotes":""},"class_list":["post-335","page","type-page","status-publish","hentry"],"acf":[],"yoast_head":"<!-- This site is optimized with the Yoast SEO plugin v27.5 - https:\/\/yoast.com\/product\/yoast-seo-wordpress\/ -->\n<title>Tapahtumat - Tietoturva ry<\/title>\n<meta name=\"robots\" content=\"index, follow, max-snippet:-1, max-image-preview:large, max-video-preview:-1\" \/>\n<link rel=\"canonical\" href=\"https:\/\/tivia-jasenyhdistykset.fi\/tietoturva\/tapahtumakalenteri\/\" \/>\n<meta property=\"og:locale\" content=\"fi_FI\" \/>\n<meta property=\"og:type\" content=\"article\" \/>\n<meta property=\"og:title\" content=\"Tapahtumat - Tietoturva ry\" \/>\n<meta property=\"og:description\" content=\"Tietoturva ry:n tapahtumakalenteri &nbsp; &nbsp; &nbsp;\" \/>\n<meta property=\"og:url\" content=\"https:\/\/tivia-jasenyhdistykset.fi\/tietoturva\/tapahtumakalenteri\/\" \/>\n<meta property=\"og:site_name\" content=\"Tietoturva ry\" \/>\n<meta property=\"article:publisher\" content=\"https:\/\/www.facebook.com\/TietoturvaRy\/\" \/>\n<meta property=\"article:modified_time\" content=\"2024-05-31T10:43:29+00:00\" \/>\n<meta property=\"og:image\" content=\"https:\/\/tietoturva.fi\/wp-content\/uploads\/sites\/7\/2022\/02\/ttry-tapahtumat-scaled-e1644921976178-1024x514.jpg\" \/>\n<meta name=\"twitter:card\" content=\"summary_large_image\" \/>\n<meta name=\"twitter:site\" content=\"@tietoturva_ry\" \/>\n<meta name=\"twitter:label1\" content=\"Arvioitu lukuaika\" \/>\n\t<meta name=\"twitter:data1\" content=\"1 minuutti\" \/>\n<script type=\"application\/ld+json\" class=\"yoast-schema-graph\">{\"@context\":\"https:\\\/\\\/schema.org\",\"@graph\":[{\"@type\":\"WebPage\",\"@id\":\"https:\\\/\\\/tivia-jasenyhdistykset.fi\\\/tietoturva\\\/tapahtumakalenteri\\\/\",\"url\":\"https:\\\/\\\/tivia-jasenyhdistykset.fi\\\/tietoturva\\\/tapahtumakalenteri\\\/\",\"name\":\"Tapahtumat - Tietoturva ry\",\"isPartOf\":{\"@id\":\"https:\\\/\\\/tivia-jasenyhdistykset.fi\\\/tietoturva\\\/#website\"},\"primaryImageOfPage\":{\"@id\":\"https:\\\/\\\/tivia-jasenyhdistykset.fi\\\/tietoturva\\\/tapahtumakalenteri\\\/#primaryimage\"},\"image\":{\"@id\":\"https:\\\/\\\/tivia-jasenyhdistykset.fi\\\/tietoturva\\\/tapahtumakalenteri\\\/#primaryimage\"},\"thumbnailUrl\":\"https:\\\/\\\/tietoturva.fi\\\/wp-content\\\/uploads\\\/sites\\\/7\\\/2022\\\/02\\\/ttry-tapahtumat-scaled-e1644921976178-1024x514.jpg\",\"datePublished\":\"2020-01-26T13:23:55+00:00\",\"dateModified\":\"2024-05-31T10:43:29+00:00\",\"breadcrumb\":{\"@id\":\"https:\\\/\\\/tivia-jasenyhdistykset.fi\\\/tietoturva\\\/tapahtumakalenteri\\\/#breadcrumb\"},\"inLanguage\":\"fi\",\"potentialAction\":[{\"@type\":\"ReadAction\",\"target\":[\"https:\\\/\\\/tivia-jasenyhdistykset.fi\\\/tietoturva\\\/tapahtumakalenteri\\\/\"]}]},{\"@type\":\"ImageObject\",\"inLanguage\":\"fi\",\"@id\":\"https:\\\/\\\/tivia-jasenyhdistykset.fi\\\/tietoturva\\\/tapahtumakalenteri\\\/#primaryimage\",\"url\":\"https:\\\/\\\/tietoturva.fi\\\/wp-content\\\/uploads\\\/sites\\\/7\\\/2022\\\/02\\\/ttry-tapahtumat-scaled-e1644921976178-1024x514.jpg\",\"contentUrl\":\"https:\\\/\\\/tietoturva.fi\\\/wp-content\\\/uploads\\\/sites\\\/7\\\/2022\\\/02\\\/ttry-tapahtumat-scaled-e1644921976178-1024x514.jpg\"},{\"@type\":\"BreadcrumbList\",\"@id\":\"https:\\\/\\\/tivia-jasenyhdistykset.fi\\\/tietoturva\\\/tapahtumakalenteri\\\/#breadcrumb\",\"itemListElement\":[{\"@type\":\"ListItem\",\"position\":1,\"name\":\"Etusivu\",\"item\":\"https:\\\/\\\/tivia-jasenyhdistykset.fi\\\/tietoturva\\\/\"},{\"@type\":\"ListItem\",\"position\":2,\"name\":\"Tapahtumat\"}]},{\"@type\":\"WebSite\",\"@id\":\"https:\\\/\\\/tivia-jasenyhdistykset.fi\\\/tietoturva\\\/#website\",\"url\":\"https:\\\/\\\/tivia-jasenyhdistykset.fi\\\/tietoturva\\\/\",\"name\":\"Tietoturva ry\",\"description\":\"Suomen suurin tietoturva-ammattilaisten verkosto\",\"publisher\":{\"@id\":\"https:\\\/\\\/tivia-jasenyhdistykset.fi\\\/tietoturva\\\/#organization\"},\"potentialAction\":[{\"@type\":\"SearchAction\",\"target\":{\"@type\":\"EntryPoint\",\"urlTemplate\":\"https:\\\/\\\/tivia-jasenyhdistykset.fi\\\/tietoturva\\\/?s={search_term_string}\"},\"query-input\":{\"@type\":\"PropertyValueSpecification\",\"valueRequired\":true,\"valueName\":\"search_term_string\"}}],\"inLanguage\":\"fi\"},{\"@type\":\"Organization\",\"@id\":\"https:\\\/\\\/tivia-jasenyhdistykset.fi\\\/tietoturva\\\/#organization\",\"name\":\"Tietoturva ry\",\"url\":\"https:\\\/\\\/tivia-jasenyhdistykset.fi\\\/tietoturva\\\/\",\"logo\":{\"@type\":\"ImageObject\",\"inLanguage\":\"fi\",\"@id\":\"https:\\\/\\\/tivia-jasenyhdistykset.fi\\\/tietoturva\\\/#\\\/schema\\\/logo\\\/image\\\/\",\"url\":\"https:\\\/\\\/tietoturva.fi\\\/wp-content\\\/uploads\\\/sites\\\/7\\\/2021\\\/05\\\/Tietoturva-logo-2018-100.png\",\"contentUrl\":\"https:\\\/\\\/tietoturva.fi\\\/wp-content\\\/uploads\\\/sites\\\/7\\\/2021\\\/05\\\/Tietoturva-logo-2018-100.png\",\"width\":73,\"height\":100,\"caption\":\"Tietoturva ry\"},\"image\":{\"@id\":\"https:\\\/\\\/tivia-jasenyhdistykset.fi\\\/tietoturva\\\/#\\\/schema\\\/logo\\\/image\\\/\"},\"sameAs\":[\"https:\\\/\\\/www.facebook.com\\\/TietoturvaRy\\\/\",\"https:\\\/\\\/x.com\\\/tietoturva_ry\",\"https:\\\/\\\/www.linkedin.com\\\/company\\\/tietoturva\\\/\",\"https:\\\/\\\/www.youtube.com\\\/channel\\\/UCmXkytjYpJ4_N2msCNy69sw\\\/\"]}]}<\/script>\n<!-- \/ Yoast SEO plugin. -->","yoast_head_json":{"title":"Tapahtumat - Tietoturva ry","robots":{"index":"index","follow":"follow","max-snippet":"max-snippet:-1","max-image-preview":"max-image-preview:large","max-video-preview":"max-video-preview:-1"},"canonical":"https:\/\/tivia-jasenyhdistykset.fi\/tietoturva\/tapahtumakalenteri\/","og_locale":"fi_FI","og_type":"article","og_title":"Tapahtumat - Tietoturva ry","og_description":"Tietoturva ry:n tapahtumakalenteri &nbsp; &nbsp; &nbsp;","og_url":"https:\/\/tivia-jasenyhdistykset.fi\/tietoturva\/tapahtumakalenteri\/","og_site_name":"Tietoturva ry","article_publisher":"https:\/\/www.facebook.com\/TietoturvaRy\/","article_modified_time":"2024-05-31T10:43:29+00:00","og_image":[{"url":"https:\/\/tietoturva.fi\/wp-content\/uploads\/sites\/7\/2022\/02\/ttry-tapahtumat-scaled-e1644921976178-1024x514.jpg","type":"","width":"","height":""}],"twitter_card":"summary_large_image","twitter_site":"@tietoturva_ry","twitter_misc":{"Arvioitu lukuaika":"1 minuutti"},"schema":{"@context":"https:\/\/schema.org","@graph":[{"@type":"WebPage","@id":"https:\/\/tivia-jasenyhdistykset.fi\/tietoturva\/tapahtumakalenteri\/","url":"https:\/\/tivia-jasenyhdistykset.fi\/tietoturva\/tapahtumakalenteri\/","name":"Tapahtumat - Tietoturva ry","isPartOf":{"@id":"https:\/\/tivia-jasenyhdistykset.fi\/tietoturva\/#website"},"primaryImageOfPage":{"@id":"https:\/\/tivia-jasenyhdistykset.fi\/tietoturva\/tapahtumakalenteri\/#primaryimage"},"image":{"@id":"https:\/\/tivia-jasenyhdistykset.fi\/tietoturva\/tapahtumakalenteri\/#primaryimage"},"thumbnailUrl":"https:\/\/tietoturva.fi\/wp-content\/uploads\/sites\/7\/2022\/02\/ttry-tapahtumat-scaled-e1644921976178-1024x514.jpg","datePublished":"2020-01-26T13:23:55+00:00","dateModified":"2024-05-31T10:43:29+00:00","breadcrumb":{"@id":"https:\/\/tivia-jasenyhdistykset.fi\/tietoturva\/tapahtumakalenteri\/#breadcrumb"},"inLanguage":"fi","potentialAction":[{"@type":"ReadAction","target":["https:\/\/tivia-jasenyhdistykset.fi\/tietoturva\/tapahtumakalenteri\/"]}]},{"@type":"ImageObject","inLanguage":"fi","@id":"https:\/\/tivia-jasenyhdistykset.fi\/tietoturva\/tapahtumakalenteri\/#primaryimage","url":"https:\/\/tietoturva.fi\/wp-content\/uploads\/sites\/7\/2022\/02\/ttry-tapahtumat-scaled-e1644921976178-1024x514.jpg","contentUrl":"https:\/\/tietoturva.fi\/wp-content\/uploads\/sites\/7\/2022\/02\/ttry-tapahtumat-scaled-e1644921976178-1024x514.jpg"},{"@type":"BreadcrumbList","@id":"https:\/\/tivia-jasenyhdistykset.fi\/tietoturva\/tapahtumakalenteri\/#breadcrumb","itemListElement":[{"@type":"ListItem","position":1,"name":"Etusivu","item":"https:\/\/tivia-jasenyhdistykset.fi\/tietoturva\/"},{"@type":"ListItem","position":2,"name":"Tapahtumat"}]},{"@type":"WebSite","@id":"https:\/\/tivia-jasenyhdistykset.fi\/tietoturva\/#website","url":"https:\/\/tivia-jasenyhdistykset.fi\/tietoturva\/","name":"Tietoturva ry","description":"Suomen suurin tietoturva-ammattilaisten verkosto","publisher":{"@id":"https:\/\/tivia-jasenyhdistykset.fi\/tietoturva\/#organization"},"potentialAction":[{"@type":"SearchAction","target":{"@type":"EntryPoint","urlTemplate":"https:\/\/tivia-jasenyhdistykset.fi\/tietoturva\/?s={search_term_string}"},"query-input":{"@type":"PropertyValueSpecification","valueRequired":true,"valueName":"search_term_string"}}],"inLanguage":"fi"},{"@type":"Organization","@id":"https:\/\/tivia-jasenyhdistykset.fi\/tietoturva\/#organization","name":"Tietoturva ry","url":"https:\/\/tivia-jasenyhdistykset.fi\/tietoturva\/","logo":{"@type":"ImageObject","inLanguage":"fi","@id":"https:\/\/tivia-jasenyhdistykset.fi\/tietoturva\/#\/schema\/logo\/image\/","url":"https:\/\/tietoturva.fi\/wp-content\/uploads\/sites\/7\/2021\/05\/Tietoturva-logo-2018-100.png","contentUrl":"https:\/\/tietoturva.fi\/wp-content\/uploads\/sites\/7\/2021\/05\/Tietoturva-logo-2018-100.png","width":73,"height":100,"caption":"Tietoturva ry"},"image":{"@id":"https:\/\/tivia-jasenyhdistykset.fi\/tietoturva\/#\/schema\/logo\/image\/"},"sameAs":["https:\/\/www.facebook.com\/TietoturvaRy\/","https:\/\/x.com\/tietoturva_ry","https:\/\/www.linkedin.com\/company\/tietoturva\/","https:\/\/www.youtube.com\/channel\/UCmXkytjYpJ4_N2msCNy69sw\/"]}]}},"_links":{"self":[{"href":"https:\/\/tivia-jasenyhdistykset.fi\/tietoturva\/wp-json\/wp\/v2\/pages\/335","targetHints":{"allow":["GET"]}}],"collection":[{"href":"https:\/\/tivia-jasenyhdistykset.fi\/tietoturva\/wp-json\/wp\/v2\/pages"}],"about":[{"href":"https:\/\/tivia-jasenyhdistykset.fi\/tietoturva\/wp-json\/wp\/v2\/types\/page"}],"author":[{"embeddable":true,"href":"https:\/\/tivia-jasenyhdistykset.fi\/tietoturva\/wp-json\/wp\/v2\/users\/2408"}],"replies":[{"embeddable":true,"href":"https:\/\/tivia-jasenyhdistykset.fi\/tietoturva\/wp-json\/wp\/v2\/comments?post=335"}],"version-history":[{"count":131,"href":"https:\/\/tivia-jasenyhdistykset.fi\/tietoturva\/wp-json\/wp\/v2\/pages\/335\/revisions"}],"predecessor-version":[{"id":2400,"href":"https:\/\/tivia-jasenyhdistykset.fi\/tietoturva\/wp-json\/wp\/v2\/pages\/335\/revisions\/2400"}],"wp:attachment":[{"href":"https:\/\/tivia-jasenyhdistykset.fi\/tietoturva\/wp-json\/wp\/v2\/media?parent=335"}],"curies":[{"name":"wp","href":"https:\/\/api.w.org\/{rel}","templated":true}]}}