{"id":911,"date":"2021-09-23T16:19:11","date_gmt":"2021-09-23T13:19:11","guid":{"rendered":"https:\/\/tietoturva.fi\/?page_id=911"},"modified":"2025-10-16T13:51:21","modified_gmt":"2025-10-16T10:51:21","slug":"vuoden-tietosuojavastaava","status":"publish","type":"page","link":"https:\/\/tivia-jasenyhdistykset.fi\/tietoturva\/toiminta\/vuoden-tietosuojavastaava\/","title":{"rendered":"Vuoden Tietosuojavastaava ja Vuoden Tietosuojateko"},"content":{"rendered":"<p>Tietoturva ry kutsuu sinut nostamaan esiin tietosuojan ja tietoturvan parhaat suomalaiset osaajat ja teot.\u00a0Kilpailulla halutaan kiitt\u00e4\u00e4 ja kannustaa heit\u00e4, jotka ovat esimerkill\u00e4\u00e4n kehitt\u00e4neet alan k\u00e4yt\u00e4nt\u00f6j\u00e4 ja edist\u00e4neet osaamista.<\/p>\n<h2>Vuoden 2025 Tietosuojavastaava ja Tietosuojateko<\/h2>\n<p>Ehdokasasettelulle on aikaa 9.1.2026 asti.<\/p>\n<p><strong>Vuoden Tietosuojavastaava<\/strong><\/p>\n<p>Vuoden Tietosuojavastaavaksi etsit\u00e4\u00e4n henkil\u00f6\u00e4, joka on rohkeasti ja esimerkillisesti kehitt\u00e4nyt tietosuojan toimintatapoja organisaatiossaan tai vahvistanut tietosuoja-ammattilaisten osaamista ja tiedon jakamista yli organisaatiorajojen.<\/p>\n<p>Palkittava henkil\u00f6 ty\u00f6skentelee Suomessa tietosuojateht\u00e4viss\u00e4, kuten tietosuojavastaavana, -p\u00e4\u00e4llikk\u00f6n\u00e4 tai -johtajana. Teht\u00e4v\u00e4nimike ei kuitenkaan ole ratkaiseva \u2013 ehdotukseen kirjatut saavutukset tietosuojaty\u00f6ss\u00e4 ovat t\u00e4rkein kriteeri. Jos henkil\u00f6 toimii konsulttina, tulee hakemuksessa osoittaa, ett\u00e4 h\u00e4n ty\u00f6skentelee vaaditussa teht\u00e4v\u00e4ss\u00e4.<\/p>\n<p><a href=\"https:\/\/response.questback.com\/isa\/qbv.dll\/bylink?p=ZRuIyHSEubmZNOxhKxUxS9NovXGcO61cDuYdzdu_RhIzSiyJUHEt-Q6bvf6AjWeI0\" target=\"_blank\" rel=\"noopener\">&gt;&gt; J\u00e4t\u00e4 ehdotus Vuoden tietosuojavastaavaksi<\/a><\/p>\n<p><strong>Vuoden Tietosuojateko<\/strong><\/p>\n<p>Vuoden tietosuojatekoa valittaessa etsit\u00e4\u00e4n tekoa, joka konkreettisella tavalla on vaikuttanut suomalaiseen tietosuojaosaamiseen, kulttuuriin tai asenteen kehittymiseen. Valinnassa otetaan huomioon teon tunnettuus, laadukkuus ja kotimaisuus.<\/p>\n<p><a href=\"https:\/\/response.questback.com\/isa\/qbv.dll\/bylink?p=CljUtTqjZtX9OD75prvJZ0JP8yHbuXunHLNf9QKz6eYO79h01bOYLAO8mD5wV8Og0\" target=\"_blank\" rel=\"noopener\">&gt;&gt; J\u00e4t\u00e4 ehdotus Vuoden tietosuojateoksi<\/a><\/p>\n<p><strong>Palkitsemisperusteet<\/strong><\/p>\n<p>Tunnustukset toteutetaan yhteisty\u00f6ss\u00e4 Suomen<a href=\"https:\/\/iapp.org\/\" target=\"_blank\" rel=\"noopener\"> IAPP<\/a>:n Chapter Chairien kanssa. Ty\u00f6ryhm\u00e4 k\u00e4y l\u00e4pi m\u00e4\u00e4r\u00e4aikaan menness\u00e4 tulleet hakemukset ja varmistaa, ett\u00e4 hakijat t\u00e4ytt\u00e4v\u00e4t asetetut kriteerit.<\/p>\n<p>Ehdokkaat pisteytet\u00e4\u00e4n taulukkoon. Mik\u00e4li kaksi tai useampi ehdokas saa saman verran pisteit\u00e4, niin ty\u00f6ryhm\u00e4 \u00e4\u00e4nest\u00e4\u00e4 voittajasta. Mik\u00e4li \u00e4\u00e4net menev\u00e4t tasan, ty\u00f6ryhm\u00e4n puheenjohtajan \u00e4\u00e4ni ratkaisee.<\/p>\n<p>Tietoturva ry:n hallituksen j\u00e4sent\u00e4 ei voi valita Vuoden Tietosuojavastaavaksi, eik\u00e4 Tietoturva ry:n omaa toimintaa voida palkita Vuoden Tietosuojatekona.<\/p>\n<h3>Palkinnot jaetaan Tietosuojap\u00e4iv\u00e4ss\u00e4 28.1.2026!<\/h3>\n<p>Tunnustukset jaetaan yhteisty\u00f6ss\u00e4 Suomen IAPP Chapter Chairien ja Alma Insightsin kanssa.<\/p>\n<p>Tutustu Tietosuojap\u00e4iv\u00e4n ohjelmaan ja ilmoittaudu mukaan <a href=\"https:\/\/koulutus.almainsights.fi\/tietosuojapaiva\/\" target=\"_blank\" rel=\"noopener\">Tietosuojap\u00e4iv\u00e4\u00e4n<\/a>!<\/p>\n<hr \/>\n<h2>Aiemmat tunnustusten saajat<\/h2>\n<p>Tietoturva ry on my\u00f6nt\u00e4nyt tunnustuksia vuodesta 2021 l\u00e4htien:<\/p>\n<p><strong>2021:<\/strong><\/p>\n<ul>\n<li>Vuoden tietosuojavastaava: Mikko Viemer\u00f6<\/li>\n<li>Vuoden tietosuojateko: Tietosuojamakasiini-podcast, Hanna Lankinen ja Hannu J\u00e4rvinen<\/li>\n<\/ul>\n<p><strong>2022:<\/strong><\/p>\n<ul>\n<li>Vuoden tietosuojavastaava: Ari Andreasson<\/li>\n<li>Vuoden tietosuojateko: Keskusrikospoliisin suorittama Psykoterapiakeskus Vastaamon tutkinta<\/li>\n<\/ul>\n<p><strong>2023:<\/strong><\/p>\n<ul>\n<li>Vuoden tietosuojavastaava: Ida-Emilia Laasonen<\/li>\n<li>Vuoden tietosuojateko: Tietosuojavaltuutettu Anu Taluksen ty\u00f6 lasten ja nuorten tietosuoja-aseman parantamiseksi<\/li>\n<\/ul>\n<p><strong>2024:<\/strong><\/p>\n<ul>\n<li>Vuoden Tietosuojavastaava: Juha Sallinen<\/li>\n<li>Vuoden Tietosuojateoksi: VAHTI Tietosuojan kehitt\u00e4misty\u00f6ryhm\u00e4<\/li>\n<\/ul>\n<div class=\"p-rich_text_section\">\n<div class=\"p-rich_text_section\">\n<p>&nbsp;<\/p>\n<\/div>\n<div>\n<hr \/>\n<p><em><em>Yhdistys varaa oikeuden muutoksiin.<\/em><\/em><\/p>\n<p>Vuoden Tietosuojavastaava\u00ae ja Vuoden Tietosuojateko\u00ae ovat Tietoturva ry:n <em>rekister\u00f6ityj\u00e4 tavaramerkkej\u00e4.<\/em><\/p>\n<\/div>\n<\/div>\n","protected":false},"excerpt":{"rendered":"<p>Tietoturva ry kutsuu sinut nostamaan esiin tietosuojan ja tietoturvan parhaat suomalaiset osaajat ja teot.\u00a0Kilpailulla halutaan kiitt\u00e4\u00e4 ja kannustaa heit\u00e4, jotka ovat esimerkill\u00e4\u00e4n kehitt\u00e4neet alan k\u00e4yt\u00e4nt\u00f6j\u00e4 ja edist\u00e4neet osaamista.<\/p>\n<p>Vuoden 2025 Tietosuojavastaava ja Tietosuojateko<\/p>\n<p>Ehdokasasettelulle on aikaa 9.1.2026 asti.<\/p>\n","protected":false},"author":2408,"featured_media":2756,"parent":436,"menu_order":0,"comment_status":"closed","ping_status":"closed","template":"","meta":{"_acf_changed":false,"footnotes":""},"class_list":["post-911","page","type-page","status-publish","has-post-thumbnail","hentry"],"acf":[],"yoast_head":"<!-- This site is optimized with the Yoast SEO plugin v27.5 - https:\/\/yoast.com\/product\/yoast-seo-wordpress\/ -->\n<title>Vuoden Tietosuojavastaava ja Vuoden Tietosuojateko - Tietoturva ry<\/title>\n<meta name=\"robots\" content=\"index, follow, max-snippet:-1, max-image-preview:large, max-video-preview:-1\" \/>\n<link rel=\"canonical\" href=\"https:\/\/tivia-jasenyhdistykset.fi\/tietoturva\/toiminta\/vuoden-tietosuojavastaava\/\" \/>\n<meta property=\"og:locale\" content=\"fi_FI\" \/>\n<meta property=\"og:type\" content=\"article\" \/>\n<meta property=\"og:title\" content=\"Vuoden Tietosuojavastaava ja Vuoden Tietosuojateko - Tietoturva ry\" \/>\n<meta property=\"og:description\" content=\"Tietoturva ry kutsuu sinut nostamaan esiin tietosuojan ja tietoturvan parhaat suomalaiset osaajat ja teot.\u00a0Kilpailulla halutaan kiitt\u00e4\u00e4 ja kannustaa heit\u00e4, jotka ovat esimerkill\u00e4\u00e4n kehitt\u00e4neet alan k\u00e4yt\u00e4nt\u00f6j\u00e4 ja edist\u00e4neet osaamista. Vuoden 2025 Tietosuojavastaava ja Tietosuojateko Ehdokasasettelulle on aikaa 9.1.2026 asti.\" \/>\n<meta property=\"og:url\" content=\"https:\/\/tivia-jasenyhdistykset.fi\/tietoturva\/toiminta\/vuoden-tietosuojavastaava\/\" \/>\n<meta property=\"og:site_name\" content=\"Tietoturva ry\" \/>\n<meta property=\"article:publisher\" content=\"https:\/\/www.facebook.com\/TietoturvaRy\/\" \/>\n<meta property=\"article:modified_time\" content=\"2025-10-16T10:51:21+00:00\" \/>\n<meta property=\"og:image\" content=\"https:\/\/tivia-jasenyhdistykset.fi\/tietoturva\/wp-content\/uploads\/sites\/7\/2024\/10\/Yhteistyossa.jpg\" \/>\n\t<meta property=\"og:image:width\" content=\"960\" \/>\n\t<meta property=\"og:image:height\" content=\"600\" \/>\n\t<meta property=\"og:image:type\" content=\"image\/jpeg\" \/>\n<meta name=\"twitter:card\" content=\"summary_large_image\" \/>\n<meta name=\"twitter:image\" content=\"https:\/\/tivia-jasenyhdistykset.fi\/tietoturva\/wp-content\/uploads\/sites\/7\/2024\/10\/Yhteistyossa.jpg\" \/>\n<meta name=\"twitter:site\" content=\"@tietoturva_ry\" \/>\n<meta name=\"twitter:label1\" content=\"Arvioitu lukuaika\" \/>\n\t<meta name=\"twitter:data1\" content=\"3 minuuttia\" \/>\n<script type=\"application\/ld+json\" class=\"yoast-schema-graph\">{\"@context\":\"https:\\\/\\\/schema.org\",\"@graph\":[{\"@type\":\"WebPage\",\"@id\":\"https:\\\/\\\/tivia-jasenyhdistykset.fi\\\/tietoturva\\\/toiminta\\\/vuoden-tietosuojavastaava\\\/\",\"url\":\"https:\\\/\\\/tivia-jasenyhdistykset.fi\\\/tietoturva\\\/toiminta\\\/vuoden-tietosuojavastaava\\\/\",\"name\":\"Vuoden Tietosuojavastaava ja Vuoden Tietosuojateko - Tietoturva ry\",\"isPartOf\":{\"@id\":\"https:\\\/\\\/tivia-jasenyhdistykset.fi\\\/tietoturva\\\/#website\"},\"primaryImageOfPage\":{\"@id\":\"https:\\\/\\\/tivia-jasenyhdistykset.fi\\\/tietoturva\\\/toiminta\\\/vuoden-tietosuojavastaava\\\/#primaryimage\"},\"image\":{\"@id\":\"https:\\\/\\\/tivia-jasenyhdistykset.fi\\\/tietoturva\\\/toiminta\\\/vuoden-tietosuojavastaava\\\/#primaryimage\"},\"thumbnailUrl\":\"https:\\\/\\\/tivia-jasenyhdistykset.fi\\\/tietoturva\\\/wp-content\\\/uploads\\\/sites\\\/7\\\/2024\\\/10\\\/Yhteistyossa.jpg\",\"datePublished\":\"2021-09-23T13:19:11+00:00\",\"dateModified\":\"2025-10-16T10:51:21+00:00\",\"breadcrumb\":{\"@id\":\"https:\\\/\\\/tivia-jasenyhdistykset.fi\\\/tietoturva\\\/toiminta\\\/vuoden-tietosuojavastaava\\\/#breadcrumb\"},\"inLanguage\":\"fi\",\"potentialAction\":[{\"@type\":\"ReadAction\",\"target\":[\"https:\\\/\\\/tivia-jasenyhdistykset.fi\\\/tietoturva\\\/toiminta\\\/vuoden-tietosuojavastaava\\\/\"]}]},{\"@type\":\"ImageObject\",\"inLanguage\":\"fi\",\"@id\":\"https:\\\/\\\/tivia-jasenyhdistykset.fi\\\/tietoturva\\\/toiminta\\\/vuoden-tietosuojavastaava\\\/#primaryimage\",\"url\":\"https:\\\/\\\/tivia-jasenyhdistykset.fi\\\/tietoturva\\\/wp-content\\\/uploads\\\/sites\\\/7\\\/2024\\\/10\\\/Yhteistyossa.jpg\",\"contentUrl\":\"https:\\\/\\\/tivia-jasenyhdistykset.fi\\\/tietoturva\\\/wp-content\\\/uploads\\\/sites\\\/7\\\/2024\\\/10\\\/Yhteistyossa.jpg\",\"width\":960,\"height\":600},{\"@type\":\"BreadcrumbList\",\"@id\":\"https:\\\/\\\/tivia-jasenyhdistykset.fi\\\/tietoturva\\\/toiminta\\\/vuoden-tietosuojavastaava\\\/#breadcrumb\",\"itemListElement\":[{\"@type\":\"ListItem\",\"position\":1,\"name\":\"Etusivu\",\"item\":\"https:\\\/\\\/tivia-jasenyhdistykset.fi\\\/tietoturva\\\/\"},{\"@type\":\"ListItem\",\"position\":2,\"name\":\"Toiminta\",\"item\":\"https:\\\/\\\/tivia-jasenyhdistykset.fi\\\/tietoturva\\\/toiminta\\\/\"},{\"@type\":\"ListItem\",\"position\":3,\"name\":\"Vuoden Tietosuojavastaava ja Vuoden Tietosuojateko\"}]},{\"@type\":\"WebSite\",\"@id\":\"https:\\\/\\\/tivia-jasenyhdistykset.fi\\\/tietoturva\\\/#website\",\"url\":\"https:\\\/\\\/tivia-jasenyhdistykset.fi\\\/tietoturva\\\/\",\"name\":\"Tietoturva ry\",\"description\":\"Suomen suurin tietoturva-ammattilaisten verkosto\",\"publisher\":{\"@id\":\"https:\\\/\\\/tivia-jasenyhdistykset.fi\\\/tietoturva\\\/#organization\"},\"potentialAction\":[{\"@type\":\"SearchAction\",\"target\":{\"@type\":\"EntryPoint\",\"urlTemplate\":\"https:\\\/\\\/tivia-jasenyhdistykset.fi\\\/tietoturva\\\/?s={search_term_string}\"},\"query-input\":{\"@type\":\"PropertyValueSpecification\",\"valueRequired\":true,\"valueName\":\"search_term_string\"}}],\"inLanguage\":\"fi\"},{\"@type\":\"Organization\",\"@id\":\"https:\\\/\\\/tivia-jasenyhdistykset.fi\\\/tietoturva\\\/#organization\",\"name\":\"Tietoturva ry\",\"url\":\"https:\\\/\\\/tivia-jasenyhdistykset.fi\\\/tietoturva\\\/\",\"logo\":{\"@type\":\"ImageObject\",\"inLanguage\":\"fi\",\"@id\":\"https:\\\/\\\/tivia-jasenyhdistykset.fi\\\/tietoturva\\\/#\\\/schema\\\/logo\\\/image\\\/\",\"url\":\"https:\\\/\\\/tietoturva.fi\\\/wp-content\\\/uploads\\\/sites\\\/7\\\/2021\\\/05\\\/Tietoturva-logo-2018-100.png\",\"contentUrl\":\"https:\\\/\\\/tietoturva.fi\\\/wp-content\\\/uploads\\\/sites\\\/7\\\/2021\\\/05\\\/Tietoturva-logo-2018-100.png\",\"width\":73,\"height\":100,\"caption\":\"Tietoturva ry\"},\"image\":{\"@id\":\"https:\\\/\\\/tivia-jasenyhdistykset.fi\\\/tietoturva\\\/#\\\/schema\\\/logo\\\/image\\\/\"},\"sameAs\":[\"https:\\\/\\\/www.facebook.com\\\/TietoturvaRy\\\/\",\"https:\\\/\\\/x.com\\\/tietoturva_ry\",\"https:\\\/\\\/www.linkedin.com\\\/company\\\/tietoturva\\\/\",\"https:\\\/\\\/www.youtube.com\\\/channel\\\/UCmXkytjYpJ4_N2msCNy69sw\\\/\"]}]}<\/script>\n<!-- \/ Yoast SEO plugin. -->","yoast_head_json":{"title":"Vuoden Tietosuojavastaava ja Vuoden Tietosuojateko - Tietoturva ry","robots":{"index":"index","follow":"follow","max-snippet":"max-snippet:-1","max-image-preview":"max-image-preview:large","max-video-preview":"max-video-preview:-1"},"canonical":"https:\/\/tivia-jasenyhdistykset.fi\/tietoturva\/toiminta\/vuoden-tietosuojavastaava\/","og_locale":"fi_FI","og_type":"article","og_title":"Vuoden Tietosuojavastaava ja Vuoden Tietosuojateko - Tietoturva ry","og_description":"Tietoturva ry kutsuu sinut nostamaan esiin tietosuojan ja tietoturvan parhaat suomalaiset osaajat ja teot.\u00a0Kilpailulla halutaan kiitt\u00e4\u00e4 ja kannustaa heit\u00e4, jotka ovat esimerkill\u00e4\u00e4n kehitt\u00e4neet alan k\u00e4yt\u00e4nt\u00f6j\u00e4 ja edist\u00e4neet osaamista. Vuoden 2025 Tietosuojavastaava ja Tietosuojateko Ehdokasasettelulle on aikaa 9.1.2026 asti.","og_url":"https:\/\/tivia-jasenyhdistykset.fi\/tietoturva\/toiminta\/vuoden-tietosuojavastaava\/","og_site_name":"Tietoturva ry","article_publisher":"https:\/\/www.facebook.com\/TietoturvaRy\/","article_modified_time":"2025-10-16T10:51:21+00:00","og_image":[{"width":960,"height":600,"url":"https:\/\/tivia-jasenyhdistykset.fi\/tietoturva\/wp-content\/uploads\/sites\/7\/2024\/10\/Yhteistyossa.jpg","type":"image\/jpeg"}],"twitter_card":"summary_large_image","twitter_image":"https:\/\/tivia-jasenyhdistykset.fi\/tietoturva\/wp-content\/uploads\/sites\/7\/2024\/10\/Yhteistyossa.jpg","twitter_site":"@tietoturva_ry","twitter_misc":{"Arvioitu lukuaika":"3 minuuttia"},"schema":{"@context":"https:\/\/schema.org","@graph":[{"@type":"WebPage","@id":"https:\/\/tivia-jasenyhdistykset.fi\/tietoturva\/toiminta\/vuoden-tietosuojavastaava\/","url":"https:\/\/tivia-jasenyhdistykset.fi\/tietoturva\/toiminta\/vuoden-tietosuojavastaava\/","name":"Vuoden Tietosuojavastaava ja Vuoden Tietosuojateko - Tietoturva ry","isPartOf":{"@id":"https:\/\/tivia-jasenyhdistykset.fi\/tietoturva\/#website"},"primaryImageOfPage":{"@id":"https:\/\/tivia-jasenyhdistykset.fi\/tietoturva\/toiminta\/vuoden-tietosuojavastaava\/#primaryimage"},"image":{"@id":"https:\/\/tivia-jasenyhdistykset.fi\/tietoturva\/toiminta\/vuoden-tietosuojavastaava\/#primaryimage"},"thumbnailUrl":"https:\/\/tivia-jasenyhdistykset.fi\/tietoturva\/wp-content\/uploads\/sites\/7\/2024\/10\/Yhteistyossa.jpg","datePublished":"2021-09-23T13:19:11+00:00","dateModified":"2025-10-16T10:51:21+00:00","breadcrumb":{"@id":"https:\/\/tivia-jasenyhdistykset.fi\/tietoturva\/toiminta\/vuoden-tietosuojavastaava\/#breadcrumb"},"inLanguage":"fi","potentialAction":[{"@type":"ReadAction","target":["https:\/\/tivia-jasenyhdistykset.fi\/tietoturva\/toiminta\/vuoden-tietosuojavastaava\/"]}]},{"@type":"ImageObject","inLanguage":"fi","@id":"https:\/\/tivia-jasenyhdistykset.fi\/tietoturva\/toiminta\/vuoden-tietosuojavastaava\/#primaryimage","url":"https:\/\/tivia-jasenyhdistykset.fi\/tietoturva\/wp-content\/uploads\/sites\/7\/2024\/10\/Yhteistyossa.jpg","contentUrl":"https:\/\/tivia-jasenyhdistykset.fi\/tietoturva\/wp-content\/uploads\/sites\/7\/2024\/10\/Yhteistyossa.jpg","width":960,"height":600},{"@type":"BreadcrumbList","@id":"https:\/\/tivia-jasenyhdistykset.fi\/tietoturva\/toiminta\/vuoden-tietosuojavastaava\/#breadcrumb","itemListElement":[{"@type":"ListItem","position":1,"name":"Etusivu","item":"https:\/\/tivia-jasenyhdistykset.fi\/tietoturva\/"},{"@type":"ListItem","position":2,"name":"Toiminta","item":"https:\/\/tivia-jasenyhdistykset.fi\/tietoturva\/toiminta\/"},{"@type":"ListItem","position":3,"name":"Vuoden Tietosuojavastaava ja Vuoden Tietosuojateko"}]},{"@type":"WebSite","@id":"https:\/\/tivia-jasenyhdistykset.fi\/tietoturva\/#website","url":"https:\/\/tivia-jasenyhdistykset.fi\/tietoturva\/","name":"Tietoturva ry","description":"Suomen suurin tietoturva-ammattilaisten verkosto","publisher":{"@id":"https:\/\/tivia-jasenyhdistykset.fi\/tietoturva\/#organization"},"potentialAction":[{"@type":"SearchAction","target":{"@type":"EntryPoint","urlTemplate":"https:\/\/tivia-jasenyhdistykset.fi\/tietoturva\/?s={search_term_string}"},"query-input":{"@type":"PropertyValueSpecification","valueRequired":true,"valueName":"search_term_string"}}],"inLanguage":"fi"},{"@type":"Organization","@id":"https:\/\/tivia-jasenyhdistykset.fi\/tietoturva\/#organization","name":"Tietoturva ry","url":"https:\/\/tivia-jasenyhdistykset.fi\/tietoturva\/","logo":{"@type":"ImageObject","inLanguage":"fi","@id":"https:\/\/tivia-jasenyhdistykset.fi\/tietoturva\/#\/schema\/logo\/image\/","url":"https:\/\/tietoturva.fi\/wp-content\/uploads\/sites\/7\/2021\/05\/Tietoturva-logo-2018-100.png","contentUrl":"https:\/\/tietoturva.fi\/wp-content\/uploads\/sites\/7\/2021\/05\/Tietoturva-logo-2018-100.png","width":73,"height":100,"caption":"Tietoturva ry"},"image":{"@id":"https:\/\/tivia-jasenyhdistykset.fi\/tietoturva\/#\/schema\/logo\/image\/"},"sameAs":["https:\/\/www.facebook.com\/TietoturvaRy\/","https:\/\/x.com\/tietoturva_ry","https:\/\/www.linkedin.com\/company\/tietoturva\/","https:\/\/www.youtube.com\/channel\/UCmXkytjYpJ4_N2msCNy69sw\/"]}]}},"_links":{"self":[{"href":"https:\/\/tivia-jasenyhdistykset.fi\/tietoturva\/wp-json\/wp\/v2\/pages\/911","targetHints":{"allow":["GET"]}}],"collection":[{"href":"https:\/\/tivia-jasenyhdistykset.fi\/tietoturva\/wp-json\/wp\/v2\/pages"}],"about":[{"href":"https:\/\/tivia-jasenyhdistykset.fi\/tietoturva\/wp-json\/wp\/v2\/types\/page"}],"author":[{"embeddable":true,"href":"https:\/\/tivia-jasenyhdistykset.fi\/tietoturva\/wp-json\/wp\/v2\/users\/2408"}],"replies":[{"embeddable":true,"href":"https:\/\/tivia-jasenyhdistykset.fi\/tietoturva\/wp-json\/wp\/v2\/comments?post=911"}],"version-history":[{"count":60,"href":"https:\/\/tivia-jasenyhdistykset.fi\/tietoturva\/wp-json\/wp\/v2\/pages\/911\/revisions"}],"predecessor-version":[{"id":3388,"href":"https:\/\/tivia-jasenyhdistykset.fi\/tietoturva\/wp-json\/wp\/v2\/pages\/911\/revisions\/3388"}],"up":[{"embeddable":true,"href":"https:\/\/tivia-jasenyhdistykset.fi\/tietoturva\/wp-json\/wp\/v2\/pages\/436"}],"wp:featuredmedia":[{"embeddable":true,"href":"https:\/\/tivia-jasenyhdistykset.fi\/tietoturva\/wp-json\/wp\/v2\/media\/2756"}],"wp:attachment":[{"href":"https:\/\/tivia-jasenyhdistykset.fi\/tietoturva\/wp-json\/wp\/v2\/media?parent=911"}],"curies":[{"name":"wp","href":"https:\/\/api.w.org\/{rel}","templated":true}]}}